{"id":2410,"date":"2021-03-09T15:19:34","date_gmt":"2021-03-09T14:19:34","guid":{"rendered":"https:\/\/www.anaphylaxieschulung.de\/?page_id=2410"},"modified":"2023-08-08T16:03:54","modified_gmt":"2023-08-08T14:03:54","slug":"lehrkommission","status":"publish","type":"page","link":"https:\/\/www.anaphylaxieschulung.de\/en\/informationen-fuer-trainer-innen\/lehrkommission\/","title":{"rendered":"Teaching Commission"},"content":{"rendered":"<div data-elementor-type=\"wp-page\" data-elementor-id=\"2410\" class=\"elementor elementor-2410\">\n\t\t\t\t<div class=\"elementor-element elementor-element-6f9d4b3 e-flex e-con-boxed e-con e-parent\" data-id=\"6f9d4b3\" data-element_type=\"container\" data-e-type=\"container\">\n\t\t\t\t\t<div class=\"e-con-inner\">\n\t\t<div class=\"elementor-element elementor-element-32a68b5 e-con-full e-flex e-con e-child\" data-id=\"32a68b5\" data-element_type=\"container\" data-e-type=\"container\">\n\t\t\t\t<div class=\"elementor-element elementor-element-61c9889 elementor-widget elementor-widget-html\" data-id=\"61c9889\" data-element_type=\"widget\" data-e-type=\"widget\" data-widget_type=\"html.default\">\n\t\t\t\t<div class=\"elementor-widget-container\">\n\t\t\t\t\t<div class=\"kontakt\">\n   <p><a href=\"https:\/\/www.anaphylaxieschulung.de\/en\/kontakt\/\"><i aria-hidden=\"true\" class=\"far fa-envelope\"><\/i> Contact<\/a><\/p>\n<\/div>\t\t\t\t<\/div>\n\t\t\t\t<\/div>\n\t\t\t\t<\/div>\n\t\t\t\t\t<\/div>\n\t\t\t\t<\/div>\n\t\t<div class=\"elementor-element elementor-element-c3dc9dc e-flex e-con-boxed elementor-invisible e-con e-parent\" data-id=\"c3dc9dc\" data-element_type=\"container\" data-e-type=\"container\" data-settings=\"{&quot;animation&quot;:&quot;fadeIn&quot;}\">\n\t\t\t\t\t<div class=\"e-con-inner\">\n\t\t<div class=\"elementor-element elementor-element-92e4d50 e-con-full e-flex e-con e-child\" data-id=\"92e4d50\" data-element_type=\"container\" data-e-type=\"container\">\n\t\t\t\t<div class=\"elementor-element elementor-element-d86fd15 elementor-widget elementor-widget-wp-widget-nav_menu\" data-id=\"d86fd15\" data-element_type=\"widget\" data-e-type=\"widget\" data-widget_type=\"wp-widget-nav_menu.default\">\n\t\t\t\t<div class=\"elementor-widget-container\">\n\t\t\t\t\t<div class=\"menu-submenu-informationen-fuer-fachpersonal-container\"><ul id=\"menu-submenu-informationen-fuer-fachpersonal\" class=\"menu\"><li id=\"menu-item-2394\" class=\"aktiv menu-item menu-item-type-post_type menu-item-object-page menu-item-2394\"><a href=\"https:\/\/www.anaphylaxieschulung.de\/en\/informationen-fuer-trainer-innen\/trainer-innenausbildung\/\">Trainer Education<\/a><\/li>\n<li id=\"menu-item-2271\" class=\"aktiv menu-item menu-item-type-post_type menu-item-object-page menu-item-2271\"><a href=\"https:\/\/www.anaphylaxieschulung.de\/en\/informationen-fuer-trainer-innen\/zertifikat\/\">Certification<\/a><\/li>\n<li id=\"menu-item-2408\" class=\"aktiv menu-item menu-item-type-post_type menu-item-object-page menu-item-2408\"><a href=\"https:\/\/www.anaphylaxieschulung.de\/en\/informationen-fuer-trainer-innen\/akademien-und-hospitationszentren\/\">Academies and Hospitation Centres<\/a><\/li>\n<li id=\"menu-item-2421\" class=\"aktiv menu-item menu-item-type-post_type menu-item-object-page menu-item-2421\"><a href=\"https:\/\/www.anaphylaxieschulung.de\/en\/informationen-fuer-trainer-innen\/lehrkommission\/\">Teaching Commission<\/a><\/li>\n<\/ul><\/div>\t\t\t\t<\/div>\n\t\t\t\t<\/div>\n\t\t\t\t<\/div>\n\t\t<div class=\"elementor-element elementor-element-c15e507 e-con-full e-flex e-con e-child\" data-id=\"c15e507\" data-element_type=\"container\" data-e-type=\"container\">\n\t\t\t\t<div class=\"elementor-element elementor-element-bbb6955 elementor-widget elementor-widget-text-editor\" data-id=\"bbb6955\" data-element_type=\"widget\" data-e-type=\"widget\" data-widget_type=\"text-editor.default\">\n\t\t\t\t<div class=\"elementor-widget-container\">\n\t\t\t\t\t\t\t\t\t<h1>Members of the Teaching Commission<\/h1><p><b>PD Dr. Birgit Ahrens<\/b><br \/>Specialist in paediatrics and adolescent medicine,<br \/>Paul Ehrlich Institute, Clinical Allergology Langen<\/p><p><b>Prof. Dr. Knut Brockow<\/b><br \/>Specialist for Dermatologie<br \/>Klinik und Poliklinik f\u00fcr Dermatologie und Allergologie at the Biederstein TU,\nMunich<br \/>Munich<\/p><p><b>Oliver Gie\u00dfler-Fichtner<\/b><br \/>Senior psychologist, <br \/>Gai\u00dfach Specialist Clinic of the German Pension Insurance Bavaria South<br \/>Centre for Chronic Diseases\/Children - Adolescents - Parents<\/p><p><b>Dr. Imke Reese<\/b><br \/>Oecothrophologist, allergy nutritionist,<br \/>Ern\u00e4hrungstherapeutische Praxis M\u00fcnchen,<br \/>Munich<\/p><p>If you have any questions regarding the admission to the training comission, please contact AGATE e.V. in writing and enclose suitable proof of your training and professional experience, especially knowledge of training or dealing with anaphylaxis patients. If you belong to another professional group, for example the teaching commission will consult on a case-by-case basis.<\/p>\t\t\t\t\t\t\t\t<\/div>\n\t\t\t\t<\/div>\n\t\t\t\t<\/div>\n\t\t\t\t\t<\/div>\n\t\t\t\t<\/div>\n\t\t\t\t<\/div>","protected":false},"excerpt":{"rendered":"<p>Kontakt Mitglieder*innen der Lehrkommision PD Dr. Birgit AhrensFach\u00e4rztin f\u00fcr Kinder- und Jugendmedizin,Paul-Ehrlich-Institut, Klinische Allergologie Langen Prof. Dr. Knut BrockowFacharzt f\u00fcr Dermatologie\/Hautarzt,Klinik und Poliklinik f\u00fcr Dermatologie und Allergologie am Biederstein TU M\u00fcnchen,M\u00fcnchen Oliver Gie\u00dfler-FichtnerLeitender Diplom-Psychologe, Fachklinik Gai\u00dfach der Deutschen Rentenversicherung Bayern S\u00fcdZentrum f\u00fcr chronische Erkrankungen\/Kinder &#8211; Jugendliche \u2013 Eltern Dr. Imke ReeseOecothrophologin, Ern\u00e4hrungsfachkraft Allergologie,Ern\u00e4hrungstherapeutische Praxis M\u00fcnchen,M\u00fcnchen &#8230; <a title=\"Teaching Commission\" class=\"read-more\" href=\"https:\/\/www.anaphylaxieschulung.de\/en\/informationen-fuer-trainer-innen\/lehrkommission\/\" aria-label=\"Read more about Lehrkommission\">Read more<\/a><\/p>","protected":false},"author":2,"featured_media":0,"parent":42,"menu_order":4,"comment_status":"closed","ping_status":"closed","template":"","meta":{"footnotes":""},"class_list":["post-2410","page","type-page","status-publish"],"yoast_head":"<!-- This site is optimized with the Yoast SEO plugin v27.4 - https:\/\/yoast.com\/product\/yoast-seo-wordpress\/ -->\n<title>Lehrkommission - Arbeitsgemeinschaft Anaphylaxie<\/title>\n<meta name=\"description\" content=\"Anaphylaxietrainer-Ausbildung \u2013 st\u00e4ndige Mitglieder der Lehrkommission der \u00bbArbeitsgemeinschaft Anaphylaxie Training &amp; Edukation e.V.\u00ab\" \/>\n<meta name=\"robots\" content=\"index, follow, max-snippet:-1, max-image-preview:large, max-video-preview:-1\" \/>\n<link rel=\"canonical\" href=\"https:\/\/www.anaphylaxieschulung.de\/en\/informationen-fuer-trainer-innen\/lehrkommission\/\" \/>\n<meta property=\"og:locale\" content=\"en_GB\" \/>\n<meta property=\"og:type\" content=\"article\" \/>\n<meta property=\"og:title\" content=\"Lehrkommission - Arbeitsgemeinschaft Anaphylaxie\" \/>\n<meta property=\"og:description\" content=\"Anaphylaxietrainer-Ausbildung \u2013 st\u00e4ndige Mitglieder der Lehrkommission der \u00bbArbeitsgemeinschaft Anaphylaxie Training &amp; Edukation e.V.\u00ab\" \/>\n<meta property=\"og:url\" content=\"https:\/\/www.anaphylaxieschulung.de\/en\/informationen-fuer-trainer-innen\/lehrkommission\/\" \/>\n<meta property=\"og:site_name\" content=\"Arbeitsgemeinschaft Anaphylaxie\" \/>\n<meta property=\"article:modified_time\" content=\"2023-08-08T14:03:54+00:00\" \/>\n<meta name=\"twitter:card\" content=\"summary_large_image\" \/>\n<meta name=\"twitter:label1\" content=\"Estimated reading time\" \/>\n\t<meta name=\"twitter:data1\" content=\"1 minute\" \/>\n<script type=\"application\/ld+json\" class=\"yoast-schema-graph\">{\"@context\":\"https:\\\/\\\/schema.org\",\"@graph\":[{\"@type\":\"WebPage\",\"@id\":\"https:\\\/\\\/www.anaphylaxieschulung.de\\\/informationen-fuer-trainer-innen\\\/lehrkommission\\\/\",\"url\":\"https:\\\/\\\/www.anaphylaxieschulung.de\\\/informationen-fuer-trainer-innen\\\/lehrkommission\\\/\",\"name\":\"Lehrkommission - Arbeitsgemeinschaft Anaphylaxie\",\"isPartOf\":{\"@id\":\"https:\\\/\\\/www.anaphylaxieschulung.de\\\/#website\"},\"datePublished\":\"2021-03-09T14:19:34+00:00\",\"dateModified\":\"2023-08-08T14:03:54+00:00\",\"description\":\"Anaphylaxietrainer-Ausbildung \u2013 st\u00e4ndige Mitglieder der Lehrkommission der \u00bbArbeitsgemeinschaft Anaphylaxie Training & Edukation e.V.\u00ab\",\"breadcrumb\":{\"@id\":\"https:\\\/\\\/www.anaphylaxieschulung.de\\\/informationen-fuer-trainer-innen\\\/lehrkommission\\\/#breadcrumb\"},\"inLanguage\":\"en-GB\",\"potentialAction\":[{\"@type\":\"ReadAction\",\"target\":[\"https:\\\/\\\/www.anaphylaxieschulung.de\\\/informationen-fuer-trainer-innen\\\/lehrkommission\\\/\"]}]},{\"@type\":\"BreadcrumbList\",\"@id\":\"https:\\\/\\\/www.anaphylaxieschulung.de\\\/informationen-fuer-trainer-innen\\\/lehrkommission\\\/#breadcrumb\",\"itemListElement\":[{\"@type\":\"ListItem\",\"position\":1,\"name\":\"Startseite\",\"item\":\"https:\\\/\\\/www.anaphylaxieschulung.de\\\/\"},{\"@type\":\"ListItem\",\"position\":2,\"name\":\"Informationen f\u00fcr Trainer*innen\",\"item\":\"https:\\\/\\\/www.anaphylaxieschulung.de\\\/informationen-fuer-trainer-innen\\\/\"},{\"@type\":\"ListItem\",\"position\":3,\"name\":\"Lehrkommission\"}]},{\"@type\":\"WebSite\",\"@id\":\"https:\\\/\\\/www.anaphylaxieschulung.de\\\/#website\",\"url\":\"https:\\\/\\\/www.anaphylaxieschulung.de\\\/\",\"name\":\"Arbeitsgemeinschaft Anaphylaxie\",\"description\":\"Training und Education e. V.\",\"publisher\":{\"@id\":\"https:\\\/\\\/www.anaphylaxieschulung.de\\\/#organization\"},\"potentialAction\":[{\"@type\":\"SearchAction\",\"target\":{\"@type\":\"EntryPoint\",\"urlTemplate\":\"https:\\\/\\\/www.anaphylaxieschulung.de\\\/?s={search_term_string}\"},\"query-input\":{\"@type\":\"PropertyValueSpecification\",\"valueRequired\":true,\"valueName\":\"search_term_string\"}}],\"inLanguage\":\"en-GB\"},{\"@type\":\"Organization\",\"@id\":\"https:\\\/\\\/www.anaphylaxieschulung.de\\\/#organization\",\"name\":\"Arbeitsgemeinschaft Anaphylaxie Training und Edukation e. V. (AGATE)\",\"url\":\"https:\\\/\\\/www.anaphylaxieschulung.de\\\/\",\"logo\":{\"@type\":\"ImageObject\",\"inLanguage\":\"en-GB\",\"@id\":\"https:\\\/\\\/www.anaphylaxieschulung.de\\\/#\\\/schema\\\/logo\\\/image\\\/\",\"url\":\"https:\\\/\\\/www.anaphylaxieschulung.de\\\/wp-content\\\/uploads\\\/2021\\\/07\\\/cropped-favicon.jpg\",\"contentUrl\":\"https:\\\/\\\/www.anaphylaxieschulung.de\\\/wp-content\\\/uploads\\\/2021\\\/07\\\/cropped-favicon.jpg\",\"width\":512,\"height\":512,\"caption\":\"Arbeitsgemeinschaft Anaphylaxie Training und Edukation e. V. (AGATE)\"},\"image\":{\"@id\":\"https:\\\/\\\/www.anaphylaxieschulung.de\\\/#\\\/schema\\\/logo\\\/image\\\/\"}}]}<\/script>\n<!-- \/ Yoast SEO plugin. -->","yoast_head_json":{"title":"Lehrkommission - Arbeitsgemeinschaft Anaphylaxie","description":"Anaphylaxietrainer-Ausbildung \u2013 st\u00e4ndige Mitglieder der Lehrkommission der \u00bbArbeitsgemeinschaft Anaphylaxie Training & Edukation e.V.\u00ab","robots":{"index":"index","follow":"follow","max-snippet":"max-snippet:-1","max-image-preview":"max-image-preview:large","max-video-preview":"max-video-preview:-1"},"canonical":"https:\/\/www.anaphylaxieschulung.de\/en\/informationen-fuer-trainer-innen\/lehrkommission\/","og_locale":"en_GB","og_type":"article","og_title":"Lehrkommission - Arbeitsgemeinschaft Anaphylaxie","og_description":"Anaphylaxietrainer-Ausbildung \u2013 st\u00e4ndige Mitglieder der Lehrkommission der \u00bbArbeitsgemeinschaft Anaphylaxie Training & Edukation e.V.\u00ab","og_url":"https:\/\/www.anaphylaxieschulung.de\/en\/informationen-fuer-trainer-innen\/lehrkommission\/","og_site_name":"Arbeitsgemeinschaft Anaphylaxie","article_modified_time":"2023-08-08T14:03:54+00:00","twitter_card":"summary_large_image","twitter_misc":{"Estimated reading time":"1 minute"},"schema":{"@context":"https:\/\/schema.org","@graph":[{"@type":"WebPage","@id":"https:\/\/www.anaphylaxieschulung.de\/informationen-fuer-trainer-innen\/lehrkommission\/","url":"https:\/\/www.anaphylaxieschulung.de\/informationen-fuer-trainer-innen\/lehrkommission\/","name":"Lehrkommission - Arbeitsgemeinschaft Anaphylaxie","isPartOf":{"@id":"https:\/\/www.anaphylaxieschulung.de\/#website"},"datePublished":"2021-03-09T14:19:34+00:00","dateModified":"2023-08-08T14:03:54+00:00","description":"Anaphylaxietrainer-Ausbildung \u2013 st\u00e4ndige Mitglieder der Lehrkommission der \u00bbArbeitsgemeinschaft Anaphylaxie Training & Edukation e.V.\u00ab","breadcrumb":{"@id":"https:\/\/www.anaphylaxieschulung.de\/informationen-fuer-trainer-innen\/lehrkommission\/#breadcrumb"},"inLanguage":"en-GB","potentialAction":[{"@type":"ReadAction","target":["https:\/\/www.anaphylaxieschulung.de\/informationen-fuer-trainer-innen\/lehrkommission\/"]}]},{"@type":"BreadcrumbList","@id":"https:\/\/www.anaphylaxieschulung.de\/informationen-fuer-trainer-innen\/lehrkommission\/#breadcrumb","itemListElement":[{"@type":"ListItem","position":1,"name":"Startseite","item":"https:\/\/www.anaphylaxieschulung.de\/"},{"@type":"ListItem","position":2,"name":"Informationen f\u00fcr Trainer*innen","item":"https:\/\/www.anaphylaxieschulung.de\/informationen-fuer-trainer-innen\/"},{"@type":"ListItem","position":3,"name":"Lehrkommission"}]},{"@type":"WebSite","@id":"https:\/\/www.anaphylaxieschulung.de\/#website","url":"https:\/\/www.anaphylaxieschulung.de\/","name":"Arbeitsgemeinschaft Anaphylaxie","description":"Training und Education e. V.","publisher":{"@id":"https:\/\/www.anaphylaxieschulung.de\/#organization"},"potentialAction":[{"@type":"SearchAction","target":{"@type":"EntryPoint","urlTemplate":"https:\/\/www.anaphylaxieschulung.de\/?s={search_term_string}"},"query-input":{"@type":"PropertyValueSpecification","valueRequired":true,"valueName":"search_term_string"}}],"inLanguage":"en-GB"},{"@type":"Organization","@id":"https:\/\/www.anaphylaxieschulung.de\/#organization","name":"Arbeitsgemeinschaft Anaphylaxie Training und Edukation e. V. (AGATE)","url":"https:\/\/www.anaphylaxieschulung.de\/","logo":{"@type":"ImageObject","inLanguage":"en-GB","@id":"https:\/\/www.anaphylaxieschulung.de\/#\/schema\/logo\/image\/","url":"https:\/\/www.anaphylaxieschulung.de\/wp-content\/uploads\/2021\/07\/cropped-favicon.jpg","contentUrl":"https:\/\/www.anaphylaxieschulung.de\/wp-content\/uploads\/2021\/07\/cropped-favicon.jpg","width":512,"height":512,"caption":"Arbeitsgemeinschaft Anaphylaxie Training und Edukation e. V. (AGATE)"},"image":{"@id":"https:\/\/www.anaphylaxieschulung.de\/#\/schema\/logo\/image\/"}}]}},"_links":{"self":[{"href":"https:\/\/www.anaphylaxieschulung.de\/en\/wp-json\/wp\/v2\/pages\/2410","targetHints":{"allow":["GET"]}}],"collection":[{"href":"https:\/\/www.anaphylaxieschulung.de\/en\/wp-json\/wp\/v2\/pages"}],"about":[{"href":"https:\/\/www.anaphylaxieschulung.de\/en\/wp-json\/wp\/v2\/types\/page"}],"author":[{"embeddable":true,"href":"https:\/\/www.anaphylaxieschulung.de\/en\/wp-json\/wp\/v2\/users\/2"}],"replies":[{"embeddable":true,"href":"https:\/\/www.anaphylaxieschulung.de\/en\/wp-json\/wp\/v2\/comments?post=2410"}],"version-history":[{"count":64,"href":"https:\/\/www.anaphylaxieschulung.de\/en\/wp-json\/wp\/v2\/pages\/2410\/revisions"}],"predecessor-version":[{"id":5125,"href":"https:\/\/www.anaphylaxieschulung.de\/en\/wp-json\/wp\/v2\/pages\/2410\/revisions\/5125"}],"up":[{"embeddable":true,"href":"https:\/\/www.anaphylaxieschulung.de\/en\/wp-json\/wp\/v2\/pages\/42"}],"wp:attachment":[{"href":"https:\/\/www.anaphylaxieschulung.de\/en\/wp-json\/wp\/v2\/media?parent=2410"}],"curies":[{"name":"wp","href":"https:\/\/api.w.org\/{rel}","templated":true}]}}